{"id":26,"date":"2022-06-23T10:52:42","date_gmt":"2022-06-23T10:52:42","guid":{"rendered":"https:\/\/www.ash.es\/tenda-col-sagratcor-palma\/?post_type=product&#038;p=26"},"modified":"2026-03-19T12:28:41","modified_gmt":"2026-03-19T11:28:41","slug":"auriculars-amb-cable-de-boto-negres","status":"publish","type":"product","link":"https:\/\/www.ash.es\/botiga-ies-josep-font-trias\/producto\/auriculars-amb-cable-de-boto-negres\/","title":{"rendered":"Auriculars amb cable de bot\u00f3 negres"},"content":{"rendered":"<section id=\"content\" class=\"content-wrapper\" role=\"main\">\n<div class=\"wrapper \">\n<p>&nbsp;<\/p>\n<div class=\"container-fluid\">\n<div class=\"row\">\n<div class=\"contingut contingut-left col-sm-12 col-md-8\">\n<section class=\"formulari-eines contingut-section\">\n<div class=\"traductor-textarea form-group\">\n<div class=\"textarea-desti col-xs-12 col-sm-6\">\n<div class=\"form-control second-textarea\">Caracter\u00edstiques &#8211;<\/div>\n<div class=\"form-control second-textarea\">&#8211; Presa de connexi\u00f3: mini jack 3,5 mm<br \/>\n&#8211; Freq\u00fc\u00e8ncia de resposta: 20 Hz ~ 22 kHz<br \/>\n&#8211; Nivell de pressi\u00f3 sonora (SPL): 105\u00b13 dB<br \/>\n&#8211; Sensibilitat del micr\u00f2fon: -42 dB\u00b13 dB (@1 kHz)<br \/>\n&#8211; Disseny:\u00a0intrauditivo<br \/>\n&#8211; Tipus: din\u00e0mic<br \/>\n&#8211; Imant de neodimi<br \/>\n&#8211; Di\u00e0metre de l&#8217;auricular: 12 mm<br \/>\n&#8211; Controls en el cable:<br \/>\n\u00b7 Botons per a pujar \/ baixar el volum<br \/>\n\u00b7 Bot\u00f3 per a despenjar \/ penjar<br \/>\n&#8211; Longitud del cable: 120 cm<br \/>\n&#8211; Materials:\u00a0TPE\u00a0i alumini (cos)<br \/>\n&#8211; 3 grand\u00e0ries de coixinets: S\/M\/L<\/div>\n<\/div>\n<\/div>\n<div class=\"traductor-checkbox form-group\">\n<div class=\"row\">\n<div class=\"col-sm-offset-2 col-sm-5\"><span id=\"traductor-neteja\" class=\"icon-inline\" data-trigger=\"manual\" data-placement=\"right\"><i class=\"fa fa-eraser\" aria-hidden=\"true\"><\/i>\u00a0<\/span><\/div>\n<\/div>\n<\/div>\n<\/section>\n<\/div>\n<\/div>\n<\/div>\n<p>&nbsp;<\/p>\n<\/div>\n<\/section>\n","protected":false},"excerpt":{"rendered":"<p>&nbsp; Caracter\u00edstiques &#8211; &#8211; Presa de connexi\u00f3: mini jack 3,5 mm &#8211; Freq\u00fc\u00e8ncia de resposta: 20 Hz ~ 22 kHz &#8211; Nivell de pressi\u00f3 sonora (SPL): 105\u00b13 dB &#8211; Sensibilitat del micr\u00f2fon: -42 dB\u00b13 dB (@1 kHz) &#8211; Disseny:\u00a0intrauditivo &#8211; &hellip;<\/p>\n<p class=\"read-more\"> <a class=\"more-link\" href=\"https:\/\/www.ash.es\/botiga-ies-josep-font-trias\/producto\/auriculars-amb-cable-de-boto-negres\/\"> <span class=\"screen-reader-text\">Auriculars amb cable de bot\u00f3 negres<\/span> Llegir m\u00e9s &raquo;<\/a><\/p>\n","protected":false},"featured_media":140042,"template":"","meta":[],"product_brand":[],"product_cat":[19],"product_tag":[],"class_list":{"0":"post-26","1":"product","2":"type-product","3":"status-publish","4":"has-post-thumbnail","6":"product_cat-auriculars","8":"first","9":"instock","10":"taxable","11":"shipping-taxable","12":"purchasable","13":"product-type-simple"},"_links":{"self":[{"href":"https:\/\/www.ash.es\/botiga-ies-josep-font-trias\/wp-json\/wp\/v2\/product\/26","targetHints":{"allow":["GET"]}}],"collection":[{"href":"https:\/\/www.ash.es\/botiga-ies-josep-font-trias\/wp-json\/wp\/v2\/product"}],"about":[{"href":"https:\/\/www.ash.es\/botiga-ies-josep-font-trias\/wp-json\/wp\/v2\/types\/product"}],"wp:featuredmedia":[{"embeddable":true,"href":"https:\/\/www.ash.es\/botiga-ies-josep-font-trias\/wp-json\/wp\/v2\/media\/140042"}],"wp:attachment":[{"href":"https:\/\/www.ash.es\/botiga-ies-josep-font-trias\/wp-json\/wp\/v2\/media?parent=26"}],"wp:term":[{"taxonomy":"product_brand","embeddable":true,"href":"https:\/\/www.ash.es\/botiga-ies-josep-font-trias\/wp-json\/wp\/v2\/product_brand?post=26"},{"taxonomy":"product_cat","embeddable":true,"href":"https:\/\/www.ash.es\/botiga-ies-josep-font-trias\/wp-json\/wp\/v2\/product_cat?post=26"},{"taxonomy":"product_tag","embeddable":true,"href":"https:\/\/www.ash.es\/botiga-ies-josep-font-trias\/wp-json\/wp\/v2\/product_tag?post=26"}],"curies":[{"name":"wp","href":"https:\/\/api.w.org\/{rel}","templated":true}]}}